{"id":443,"date":"2021-04-26T10:24:08","date_gmt":"2021-04-26T10:24:08","guid":{"rendered":"https:\/\/adscs.pt\/?page_id=443"},"modified":"2022-03-03T20:48:43","modified_gmt":"2022-03-03T20:48:43","slug":"politica-de-privacidade","status":"publish","type":"page","link":"https:\/\/adscs.pt\/en\/politica-de-privacidade\/","title":{"rendered":"Privacy Policy"},"content":{"rendered":"<div class=\"wp-block-image align-horizontal-wrap\"><figure class=\"alignleft size-large is-resized\"><img decoding=\"async\" src=\"https:\/\/adscs.pt\/wp-content\/uploads\/2021\/05\/download-logo-1.png\" alt=\"\" class=\"wp-image-564\" width=\"346\" height=\"74\" srcset=\"https:\/\/adscs.pt\/wp-content\/uploads\/2021\/05\/download-logo-1.png 373w, https:\/\/adscs.pt\/wp-content\/uploads\/2021\/05\/download-logo-1-300x64.png 300w, https:\/\/adscs.pt\/wp-content\/uploads\/2021\/05\/download-logo-1-16x3.png 16w\" sizes=\"(max-width: 346px) 100vw, 346px\" \/><\/figure><\/div>\n\n\n<p style=\"text-align: center;\">\u00a0<\/p>\n<h2>\u00a0<\/h2>\n<h2 style=\"text-align: center;\"><strong>Privacy Policy<\/strong><\/h2>\n<p>A Associa\u00e7\u00e3o para o Desenvolvimento Social e Comunit\u00e1rio de Santar\u00e9m (ADSCS) \u00e9 respons\u00e1vel pelo tratamento de dados recolhidos no \u00e2mbito da presta\u00e7\u00e3o de servi\u00e7os e atribui\u00e7\u00f5es legais, obedecendo as pol\u00edticas e procedimentos internos de seguran\u00e7a e confidencialidade.<\/p>\n<p>A comunica\u00e7\u00e3o de dados pessoais no \u00e2mbito do objeto dos servi\u00e7os prestados, constituem uma obriga\u00e7\u00e3o legal e\/ou contratual. A ADSCS utiliza a informa\u00e7\u00e3o recolhida para instruir os processos individuais dos clientes, presta\u00e7\u00e3o de servi\u00e7os, fatura\u00e7\u00e3o, gest\u00e3o de clientes, obriga\u00e7\u00f5es legais, controlo da qualidade do servi\u00e7o, para contactos futuros e presta\u00e7\u00e3o de informa\u00e7\u00e3o sobre a sua atividade. A necessidade de tratamento decorre das presta\u00e7\u00f5es de servi\u00e7os solicitados pelos clientes e\/ ou pelas obriga\u00e7\u00f5es decorrentes de protocolos com entidades p\u00fablicas e privadas a favor dos titulares dos dados.<\/p>\n<p>Os dados recolhidos ser\u00e3o tratados para as finalidades exclusivas da sua recolha, sendo tratados pelo respons\u00e1vel pelo tratamento de dados, subcontratadas e terceiros destinat\u00e1rios, sempre que imprescind\u00edvel a presta\u00e7\u00e3o dos servi\u00e7os. No que se refere ao prazo de conserva\u00e7\u00e3o dos dados pessoais s\u00e3o mantidos at\u00e9 se esgotar o fim a que se destinam atentas as disposi\u00e7\u00f5es legais em vigor e s\u00f3 depois eliminados.<\/p>\n<p>O n\u00e3o fornecimento da informa\u00e7\u00e3o necess\u00e1ria para a presta\u00e7\u00e3o dos servi\u00e7os contratualmente solicitados e \/ou legalmente exig\u00edveis poder\u00e1 impedir a presta\u00e7\u00e3o dos mesmos.<\/p>\n<p>Os dados recolhidos ser\u00e3o tratados nos termos e para os efeitos indicados. No entanto o titular dos dados presta o seu consentimento para a recolha dos dados pessoais, incluindo a categoria dos dados sens\u00edveis, que sejam instrumentais ao cumprimento do servi\u00e7o.<\/p>\n<p>O consentimento para tratamento dos dados poder\u00e1 ser retirado a qualquer momento por comunica\u00e7\u00e3o escrita dirigida ao respons\u00e1vel pelo tratamento, n\u00e3o invalidando o tratamento efetuado at\u00e1 a referida data. No que se refere ao consentimento para tratamento de dados de crian\u00e7as, quando estas tiverem menos de 16 anos, o tratamento de dados \u00e9 considerado l\u00edcito quando seja autorizado pelos titulares de responsabilidades parentais da crian\u00e7a.<\/p>\n<p>Os clientes t\u00eam o direito de acesso, retifica\u00e7\u00e3o, apagamento e limita\u00e7\u00e3o de tratamento. O exerc\u00edcio dos referidos direitos deve ser solicitado ao respons\u00e1vel pelo tratamento de dados atrav\u00e9s do seguinte endere\u00e7o: adscs@adscs.pt<\/p>\n<p>Em virtude da titularidade dos dados dever\u00e3o ser prestadas as informa\u00e7\u00f5es referentes a qualquer viola\u00e7\u00e3o dos mesmos. Em Portugal a autoridade respons\u00e1vel pela Prote\u00e7\u00e3o de Dados Pessoais \u00e9 a Comiss\u00e3o Nacional de Prote\u00e7\u00e3o de Dados, pelo que todas as quest\u00f5es poder\u00e3o ser colocadas a esta entidade. Salvo indica\u00e7\u00e3o em contr\u00e1rio ou por motivos legais, os dados recolhidos apenas s\u00e3o conservados pelo per\u00edodo estritamente necess\u00e1rio a prossecu\u00e7\u00e3o das finalidades do tratamento, garantindo-se o seu apagamento logo que cessada a finalidade.<\/p>\n\n\n<figure class=\"wp-block-image size-large\"><img fetchpriority=\"high\" decoding=\"async\" width=\"1024\" height=\"294\" src=\"https:\/\/adscs.pt\/wp-content\/uploads\/2022\/03\/rodape\u0301-1024x294.png\" alt=\"\" class=\"wp-image-918\" srcset=\"https:\/\/adscs.pt\/wp-content\/uploads\/2022\/03\/rodape\u0301-1024x294.png 1024w, https:\/\/adscs.pt\/wp-content\/uploads\/2022\/03\/rodape\u0301-300x86.png 300w, https:\/\/adscs.pt\/wp-content\/uploads\/2022\/03\/rodape\u0301-768x220.png 768w, https:\/\/adscs.pt\/wp-content\/uploads\/2022\/03\/rodape\u0301-18x5.png 18w, https:\/\/adscs.pt\/wp-content\/uploads\/2022\/03\/rodape\u0301.png 1289w\" sizes=\"(max-width: 1024px) 100vw, 1024px\" \/><\/figure>","protected":false},"excerpt":{"rendered":"<div class=\"entry-summary\">\n<div class=\"entry-summary\">\n\u00a0 \u00a0 Pol\u00edtica de Privacidade A Associa\u00e7\u00e3o para o Desenvolvimento Social e Comunit\u00e1rio de Santar\u00e9m (ADSCS) \u00e9 respons\u00e1vel pelo tratamento de dados recolhidos no \u00e2mbito da presta\u00e7\u00e3o de servi\u00e7os e atribui\u00e7\u00f5es legais, obedecendo as pol\u00edticas e procedimentos internos de seguran\u00e7a&hellip;\n<\/div>\n<div class=\"link-more\"><a href=\"https:\/\/adscs.pt\/en\/politica-de-privacidade\/\" class=\"more-link\">Continue reading<span class=\"screen-reader-text\"> &ldquo;Pol\u00edtica de Privacidade&rdquo;<\/span>&hellip;<\/a><\/div>\n<\/div>\n<div class=\"link-more\"><a href=\"https:\/\/adscs.pt\/en\/politica-de-privacidade\/\" class=\"more-link\">Continue reading<span class=\"screen-reader-text\"> &ldquo;Pol\u00edtica de Privacidade&rdquo;<\/span>&hellip;<\/a><\/div>","protected":false},"author":1,"featured_media":0,"parent":0,"menu_order":0,"comment_status":"closed","ping_status":"closed","template":"","meta":{"_acf_changed":false,"footnotes":""},"class_list":["post-443","page","type-page","status-publish","hentry","entry"],"acf":[],"_links":{"self":[{"href":"https:\/\/adscs.pt\/en\/wp-json\/wp\/v2\/pages\/443","targetHints":{"allow":["GET"]}}],"collection":[{"href":"https:\/\/adscs.pt\/en\/wp-json\/wp\/v2\/pages"}],"about":[{"href":"https:\/\/adscs.pt\/en\/wp-json\/wp\/v2\/types\/page"}],"author":[{"embeddable":true,"href":"https:\/\/adscs.pt\/en\/wp-json\/wp\/v2\/users\/1"}],"replies":[{"embeddable":true,"href":"https:\/\/adscs.pt\/en\/wp-json\/wp\/v2\/comments?post=443"}],"version-history":[{"count":10,"href":"https:\/\/adscs.pt\/en\/wp-json\/wp\/v2\/pages\/443\/revisions"}],"predecessor-version":[{"id":921,"href":"https:\/\/adscs.pt\/en\/wp-json\/wp\/v2\/pages\/443\/revisions\/921"}],"wp:attachment":[{"href":"https:\/\/adscs.pt\/en\/wp-json\/wp\/v2\/media?parent=443"}],"curies":[{"name":"wp","href":"https:\/\/api.w.org\/{rel}","templated":true}]}}